{"id":18,"date":"2023-03-30T15:09:01","date_gmt":"2023-03-30T13:09:01","guid":{"rendered":"https:\/\/seniorenzentrum-zell.winkelwaldgruppe.de\/?page_id=18"},"modified":"2024-09-09T11:48:56","modified_gmt":"2024-09-09T09:48:56","slug":"startseite","status":"publish","type":"page","link":"https:\/\/seniorenzentrum-zell.winkelwaldgruppe.de\/","title":{"rendered":"Startseite"},"content":{"rendered":"\t\t<div data-elementor-type=\"wp-post\" data-elementor-id=\"18\" class=\"elementor elementor-18\" data-elementor-post-type=\"page\">\n\t\t\t\t\t\t<section class=\"elementor-section elementor-top-section elementor-element elementor-element-4cda78b elementor-section-full_width elementor-hidden-mobile elementor-section-height-default elementor-section-height-default\" data-id=\"4cda78b\" data-element_type=\"section\">\n\t\t\t\t\t\t<div class=\"elementor-container elementor-column-gap-no\">\n\t\t\t\t\t<div class=\"elementor-column elementor-col-100 elementor-top-column elementor-element elementor-element-b058909\" data-id=\"b058909\" data-element_type=\"column\">\n\t\t\t<div class=\"elementor-widget-wrap elementor-element-populated\">\n\t\t\t\t\t\t<div class=\"elementor-element elementor-element-71d7751 elementor--h-position-left elementor--v-position-bottom elementor-arrows-position-inside elementor-pagination-position-inside elementor-widget elementor-widget-slides\" data-id=\"71d7751\" data-element_type=\"widget\" data-settings=\"{&quot;navigation&quot;:&quot;both&quot;,&quot;infinite&quot;:&quot;yes&quot;,&quot;transition&quot;:&quot;slide&quot;,&quot;transition_speed&quot;:500}\" data-widget_type=\"slides.default\">\n\t\t\t\t<div class=\"elementor-widget-container\">\n\t\t\t<style>.elementor-slides .swiper-slide-bg{background-size:cover;background-position:50%;background-repeat:no-repeat;min-width:100%;min-height:100%}.elementor-slides .swiper-slide-inner{background-repeat:no-repeat;background-position:50%;position:absolute;top:0;left:0;bottom:0;right:0;padding:50px;margin:auto}.elementor-slides .swiper-slide-inner,.elementor-slides .swiper-slide-inner:hover{color:#fff;display:flex}.elementor-slides .swiper-slide-inner .elementor-background-overlay{position:absolute;z-index:0;top:0;bottom:0;left:0;right:0}.elementor-slides .swiper-slide-inner .elementor-slide-content{position:relative;z-index:1;width:100%}.elementor-slides .swiper-slide-inner .elementor-slide-heading{font-size:35px;font-weight:700;line-height:1}.elementor-slides .swiper-slide-inner .elementor-slide-description{font-size:17px;line-height:1.4}.elementor-slides .swiper-slide-inner .elementor-slide-description:not(:last-child),.elementor-slides .swiper-slide-inner .elementor-slide-heading:not(:last-child){margin-bottom:30px}.elementor-slides .swiper-slide-inner .elementor-slide-button{border:2px solid #fff;color:#fff;background:transparent;display:inline-block}.elementor-slides .swiper-slide-inner .elementor-slide-button,.elementor-slides .swiper-slide-inner .elementor-slide-button:hover{background:transparent;color:inherit;text-decoration:none}.elementor--v-position-top .swiper-slide-inner{align-items:flex-start}.elementor--v-position-bottom .swiper-slide-inner{align-items:flex-end}.elementor--v-position-middle .swiper-slide-inner{align-items:center}.elementor--h-position-left .swiper-slide-inner{justify-content:flex-start}.elementor--h-position-right .swiper-slide-inner{justify-content:flex-end}.elementor--h-position-center .swiper-slide-inner{justify-content:center}body.rtl .elementor-widget-slides .elementor-swiper-button-next{left:10px;right:auto}body.rtl .elementor-widget-slides .elementor-swiper-button-prev{right:10px;left:auto}.elementor-slides-wrapper div:not(.swiper-slide)>.swiper-slide-inner{display:none}@media (max-width:767px){.elementor-slides .swiper-slide-inner{padding:30px}.elementor-slides .swiper-slide-inner .elementor-slide-heading{font-size:23px;line-height:1;margin-bottom:15px}.elementor-slides .swiper-slide-inner .elementor-slide-description{font-size:13px;line-height:1.4;margin-bottom:15px}}<\/style>\t\t<div class=\"elementor-swiper\">\n\t\t\t<div class=\"elementor-slides-wrapper elementor-main-swiper swiper\" dir=\"ltr\" data-animation=\"fadeInUp\">\n\t\t\t\t<div class=\"swiper-wrapper elementor-slides\">\n\t\t\t\t\t\t\t\t\t\t<div class=\"elementor-repeater-item-f2a4d33 swiper-slide\"><div class=\"swiper-slide-bg\" role=\"img\"><\/div><div class=\"swiper-slide-inner\" ><div class=\"swiper-slide-contents\"><div class=\"elementor-slide-heading\">Herzlich Willkommen \"Seniorenzentrum am Untertor\"<\/div><\/div><\/div><\/div><div class=\"elementor-repeater-item-6d2660a swiper-slide\"><div class=\"swiper-slide-bg\" role=\"img\"><\/div><div class=\"swiper-slide-inner\" ><div class=\"swiper-slide-contents\"><\/div><\/div><\/div><div class=\"elementor-repeater-item-3b76fa7 swiper-slide\"><div class=\"swiper-slide-bg\" role=\"img\"><\/div><div class=\"swiper-slide-inner\" ><div class=\"swiper-slide-contents\"><\/div><\/div><\/div>\t\t\t\t<\/div>\n\t\t\t\t\t\t\t\t\t\t\t\t\t\t\t<div class=\"swiper-pagination\"><\/div>\n\t\t\t\t\t\t\t\t\t\t\t\t\t\t\t\t<div class=\"elementor-swiper-button elementor-swiper-button-prev\" role=\"button\" tabindex=\"0\">\n\t\t\t\t\t\t\t<i aria-hidden=\"true\" class=\"eicon-chevron-left\"><\/i>\t\t\t\t\t\t\t<span class=\"elementor-screen-only\">Vorheriger Slide<\/span>\n\t\t\t\t\t\t<\/div>\n\t\t\t\t\t\t<div class=\"elementor-swiper-button elementor-swiper-button-next\" role=\"button\" tabindex=\"0\">\n\t\t\t\t\t\t\t<i aria-hidden=\"true\" class=\"eicon-chevron-right\"><\/i>\t\t\t\t\t\t\t<span class=\"elementor-screen-only\">N\u00e4chster Slide<\/span>\n\t\t\t\t\t\t<\/div>\n\t\t\t\t\t\t\t\t\t\t\t\t<\/div>\n\t\t<\/div>\n\t\t\t\t<\/div>\n\t\t\t\t<\/div>\n\t\t\t\t\t<\/div>\n\t\t<\/div>\n\t\t\t\t\t<\/div>\n\t\t<\/section>\n\t\t<div class=\"elementor-element elementor-element-7456507 e-flex e-con-boxed e-con e-parent\" data-id=\"7456507\" data-element_type=\"container\">\n\t\t\t\t\t<div class=\"e-con-inner\">\n\t\t\t\t<div class=\"elementor-element elementor-element-18dfc0b elementor--v-position-bottom elementor-hidden-desktop elementor-hidden-tablet elementor--h-position-center elementor-arrows-position-inside elementor-pagination-position-inside elementor-widget elementor-widget-slides\" data-id=\"18dfc0b\" data-element_type=\"widget\" data-settings=\"{&quot;navigation&quot;:&quot;both&quot;,&quot;infinite&quot;:&quot;yes&quot;,&quot;transition&quot;:&quot;slide&quot;,&quot;transition_speed&quot;:500}\" data-widget_type=\"slides.default\">\n\t\t\t\t<div class=\"elementor-widget-container\">\n\t\t\t\t\t<div class=\"elementor-swiper\">\n\t\t\t<div class=\"elementor-slides-wrapper elementor-main-swiper swiper\" dir=\"ltr\" data-animation=\"fadeInUp\">\n\t\t\t\t<div class=\"swiper-wrapper elementor-slides\">\n\t\t\t\t\t\t\t\t\t\t<div class=\"elementor-repeater-item-81be056 swiper-slide\"><div class=\"swiper-slide-bg\" role=\"img\"><\/div><div class=\"swiper-slide-inner\" ><div class=\"swiper-slide-contents\"><\/div><\/div><\/div>\t\t\t\t<\/div>\n\t\t\t\t\t\t\t<\/div>\n\t\t<\/div>\n\t\t\t\t<\/div>\n\t\t\t\t<\/div>\n\t\t\t\t\t<\/div>\n\t\t\t\t<\/div>\n\t\t\t\t<section class=\"elementor-section elementor-top-section elementor-element elementor-element-2741353 elementor-section-boxed elementor-section-height-default elementor-section-height-default\" data-id=\"2741353\" data-element_type=\"section\">\n\t\t\t\t\t\t<div class=\"elementor-container elementor-column-gap-default\">\n\t\t\t\t\t<div class=\"elementor-column elementor-col-50 elementor-top-column elementor-element elementor-element-50dfc29\" data-id=\"50dfc29\" data-element_type=\"column\" data-settings=\"{&quot;background_background&quot;:&quot;classic&quot;}\">\n\t\t\t<div class=\"elementor-widget-wrap elementor-element-populated\">\n\t\t\t\t\t\t<div class=\"elementor-element elementor-element-70fb040 elementor-widget elementor-widget-spacer\" data-id=\"70fb040\" data-element_type=\"widget\" data-widget_type=\"spacer.default\">\n\t\t\t\t<div class=\"elementor-widget-container\">\n\t\t\t<style>\/*! elementor - v3.21.0 - 26-05-2024 *\/\n.elementor-column .elementor-spacer-inner{height:var(--spacer-size)}.e-con{--container-widget-width:100%}.e-con-inner>.elementor-widget-spacer,.e-con>.elementor-widget-spacer{width:var(--container-widget-width,var(--spacer-size));--align-self:var(--container-widget-align-self,initial);--flex-shrink:0}.e-con-inner>.elementor-widget-spacer>.elementor-widget-container,.e-con>.elementor-widget-spacer>.elementor-widget-container{height:100%;width:100%}.e-con-inner>.elementor-widget-spacer>.elementor-widget-container>.elementor-spacer,.e-con>.elementor-widget-spacer>.elementor-widget-container>.elementor-spacer{height:100%}.e-con-inner>.elementor-widget-spacer>.elementor-widget-container>.elementor-spacer>.elementor-spacer-inner,.e-con>.elementor-widget-spacer>.elementor-widget-container>.elementor-spacer>.elementor-spacer-inner{height:var(--container-widget-height,var(--spacer-size))}.e-con-inner>.elementor-widget-spacer.elementor-widget-empty,.e-con>.elementor-widget-spacer.elementor-widget-empty{position:relative;min-height:22px;min-width:22px}.e-con-inner>.elementor-widget-spacer.elementor-widget-empty .elementor-widget-empty-icon,.e-con>.elementor-widget-spacer.elementor-widget-empty .elementor-widget-empty-icon{position:absolute;top:0;bottom:0;left:0;right:0;margin:auto;padding:0;width:22px;height:22px}<\/style>\t\t<div class=\"elementor-spacer\">\n\t\t\t<div class=\"elementor-spacer-inner\"><\/div>\n\t\t<\/div>\n\t\t\t\t<\/div>\n\t\t\t\t<\/div>\n\t\t\t\t<div class=\"elementor-element elementor-element-1ca6247 elementor-widget elementor-widget-heading\" data-id=\"1ca6247\" data-element_type=\"widget\" data-widget_type=\"heading.default\">\n\t\t\t\t<div class=\"elementor-widget-container\">\n\t\t\t<style>\/*! elementor - v3.21.0 - 26-05-2024 *\/\n.elementor-heading-title{padding:0;margin:0;line-height:1}.elementor-widget-heading .elementor-heading-title[class*=elementor-size-]>a{color:inherit;font-size:inherit;line-height:inherit}.elementor-widget-heading .elementor-heading-title.elementor-size-small{font-size:15px}.elementor-widget-heading .elementor-heading-title.elementor-size-medium{font-size:19px}.elementor-widget-heading .elementor-heading-title.elementor-size-large{font-size:29px}.elementor-widget-heading .elementor-heading-title.elementor-size-xl{font-size:39px}.elementor-widget-heading .elementor-heading-title.elementor-size-xxl{font-size:59px}<\/style><h2 class=\"elementor-heading-title elementor-size-default\">\"Leistungen\"\n<\/h2>\t\t<\/div>\n\t\t\t\t<\/div>\n\t\t\t\t<div class=\"elementor-element elementor-element-85613fd elementor-widget elementor-widget-text-editor\" data-id=\"85613fd\" data-element_type=\"widget\" data-widget_type=\"text-editor.default\">\n\t\t\t\t<div class=\"elementor-widget-container\">\n\t\t\t<style>\/*! elementor - v3.21.0 - 26-05-2024 *\/\n.elementor-widget-text-editor.elementor-drop-cap-view-stacked .elementor-drop-cap{background-color:#69727d;color:#fff}.elementor-widget-text-editor.elementor-drop-cap-view-framed .elementor-drop-cap{color:#69727d;border:3px solid;background-color:transparent}.elementor-widget-text-editor:not(.elementor-drop-cap-view-default) .elementor-drop-cap{margin-top:8px}.elementor-widget-text-editor:not(.elementor-drop-cap-view-default) .elementor-drop-cap-letter{width:1em;height:1em}.elementor-widget-text-editor .elementor-drop-cap{float:left;text-align:center;line-height:1;font-size:50px}.elementor-widget-text-editor .elementor-drop-cap-letter{display:inline-block}<\/style>\t\t\t\t<p>Langzeitpflege, Kurzzeitpflege<br \/><br \/><\/p>\t\t\t\t\t\t<\/div>\n\t\t\t\t<\/div>\n\t\t\t\t<div class=\"elementor-element elementor-element-54b8f19 elementor-align-center elementor-widget elementor-widget-button\" data-id=\"54b8f19\" data-element_type=\"widget\" data-widget_type=\"button.default\">\n\t\t\t\t<div class=\"elementor-widget-container\">\n\t\t\t\t\t<div class=\"elementor-button-wrapper\">\n\t\t\t<a class=\"elementor-button elementor-button-link elementor-size-sm\" href=\"#leistungen\">\n\t\t\t\t\t\t<span class=\"elementor-button-content-wrapper\">\n\t\t\t\t\t\t\t\t\t<span class=\"elementor-button-text\">Hier Klicken<\/span>\n\t\t\t\t\t<\/span>\n\t\t\t\t\t<\/a>\n\t\t<\/div>\n\t\t\t\t<\/div>\n\t\t\t\t<\/div>\n\t\t\t\t\t<\/div>\n\t\t<\/div>\n\t\t\t\t<div class=\"elementor-column elementor-col-50 elementor-top-column elementor-element elementor-element-0036dba\" data-id=\"0036dba\" data-element_type=\"column\" data-settings=\"{&quot;background_background&quot;:&quot;classic&quot;}\">\n\t\t\t<div class=\"elementor-widget-wrap elementor-element-populated\">\n\t\t\t\t\t\t<div class=\"elementor-element elementor-element-e4c8df6 elementor-widget elementor-widget-spacer\" data-id=\"e4c8df6\" data-element_type=\"widget\" data-widget_type=\"spacer.default\">\n\t\t\t\t<div class=\"elementor-widget-container\">\n\t\t\t\t\t<div class=\"elementor-spacer\">\n\t\t\t<div class=\"elementor-spacer-inner\"><\/div>\n\t\t<\/div>\n\t\t\t\t<\/div>\n\t\t\t\t<\/div>\n\t\t\t\t<div class=\"elementor-element elementor-element-fd1f2e3 elementor-widget elementor-widget-heading\" data-id=\"fd1f2e3\" data-element_type=\"widget\" data-widget_type=\"heading.default\">\n\t\t\t\t<div class=\"elementor-widget-container\">\n\t\t\t<h2 class=\"elementor-heading-title elementor-size-default\">\"Karriere\" \n<\/h2>\t\t<\/div>\n\t\t\t\t<\/div>\n\t\t\t\t<div class=\"elementor-element elementor-element-13ccbe1 elementor-widget elementor-widget-text-editor\" data-id=\"13ccbe1\" data-element_type=\"widget\" data-widget_type=\"text-editor.default\">\n\t\t\t\t<div class=\"elementor-widget-container\">\n\t\t\t\t\t\t\t<p>Mit uns finden Sie den Weg\u00a0<br \/><span style=\"color: var( --e-global-color-235d909 ); background-color: var( --e-global-color-primary );\">zum Erfolg<\/span><\/p>\t\t\t\t\t\t<\/div>\n\t\t\t\t<\/div>\n\t\t\t\t<div class=\"elementor-element elementor-element-66d1791 elementor-align-center elementor-widget elementor-widget-button\" data-id=\"66d1791\" data-element_type=\"widget\" data-widget_type=\"button.default\">\n\t\t\t\t<div class=\"elementor-widget-container\">\n\t\t\t\t\t<div class=\"elementor-button-wrapper\">\n\t\t\t<a class=\"elementor-button elementor-button-link elementor-size-sm\" href=\"https:\/\/winkelwaldgruppe.de\/karriere\/?standort=zell-am-harmersbach\" target=\"_blank\">\n\t\t\t\t\t\t<span class=\"elementor-button-content-wrapper\">\n\t\t\t\t\t\t\t\t\t<span class=\"elementor-button-text\">Hier Klicken<\/span>\n\t\t\t\t\t<\/span>\n\t\t\t\t\t<\/a>\n\t\t<\/div>\n\t\t\t\t<\/div>\n\t\t\t\t<\/div>\n\t\t\t\t\t<\/div>\n\t\t<\/div>\n\t\t\t\t\t<\/div>\n\t\t<\/section>\n\t\t\t\t<section class=\"elementor-section elementor-top-section elementor-element elementor-element-12f801a elementor-section-boxed elementor-section-height-default elementor-section-height-default\" data-id=\"12f801a\" data-element_type=\"section\">\n\t\t\t\t\t\t<div class=\"elementor-container elementor-column-gap-default\">\n\t\t\t\t\t<div class=\"elementor-column elementor-col-100 elementor-top-column elementor-element elementor-element-bd2f081\" data-id=\"bd2f081\" data-element_type=\"column\">\n\t\t\t<div class=\"elementor-widget-wrap elementor-element-populated\">\n\t\t\t\t\t\t<div class=\"elementor-element elementor-element-e96a688 elementor-widget elementor-widget-spacer\" data-id=\"e96a688\" data-element_type=\"widget\" data-widget_type=\"spacer.default\">\n\t\t\t\t<div class=\"elementor-widget-container\">\n\t\t\t\t\t<div class=\"elementor-spacer\">\n\t\t\t<div class=\"elementor-spacer-inner\"><\/div>\n\t\t<\/div>\n\t\t\t\t<\/div>\n\t\t\t\t<\/div>\n\t\t\t\t<div class=\"elementor-element elementor-element-117e688 elementor-widget elementor-widget-heading\" data-id=\"117e688\" data-element_type=\"widget\" data-widget_type=\"heading.default\">\n\t\t\t\t<div class=\"elementor-widget-container\">\n\t\t\t<h2 class=\"elementor-heading-title elementor-size-xl\">Willkommen im Seniorenzentrum am Untertor im Kinzigtal!<\/h2>\t\t<\/div>\n\t\t\t\t<\/div>\n\t\t\t\t<div class=\"elementor-element elementor-element-fa977e0 elementor-widget elementor-widget-text-editor\" data-id=\"fa977e0\" data-element_type=\"widget\" data-widget_type=\"text-editor.default\">\n\t\t\t\t<div class=\"elementor-widget-container\">\n\t\t\t\t\t\t\t<p>Das Untertorareal in Zell im Kinzigtal \u2013 ein Ort, der Ihnen ein unvergleichliches Lebensgef\u00fchl bietet!<\/p><p><span style=\"color: #8fb823;\">Ein Ort der Zukunft.<\/span> Wir verbinden die N\u00e4he zum Park mit der zentralen Lage im Ortskern und bieten ein Leben mittendrin.<\/p><p>Sie erwartet ein moderner Neubau mit Pflege- und betreuten Seniorenwohnungen \u2013 eingebettet in den malerisch gr\u00fcnen Untertorpark in Zell. Die zentrale Lage des Untertorareals vereint die Vorteile der Stadtn\u00e4he mit der Sch\u00f6nheit der Natur im Kinzigtal. Hier k\u00f6nnen Sie die Natur genie\u00dfen, Spazierg\u00e4nge machen oder sich mit Freunden und Nachbarn treffen. Der Park bietet den perfekten Rahmen f\u00fcr Feiern und Veranstaltungen. So wird Ihr Aufenthalt im Untertorareal in Zell im Kinzigtal immer zu einem besonderen Erlebnis.<\/p><p>Erleben Sie die harmonische Kombination aus urbanem Lebensstil und naturnaher Erholung im Herzen des Kinzigtals. Das Untertorareal in Zell ist der ideale Ort, um Ihre Zukunft zu gestalten und jeden Tag in vollen Z\u00fcgen zu genie\u00dfen.<\/p>\t\t\t\t\t\t<\/div>\n\t\t\t\t<\/div>\n\t\t\t\t\t<\/div>\n\t\t<\/div>\n\t\t\t\t\t<\/div>\n\t\t<\/section>\n\t\t\t\t<section class=\"elementor-section elementor-top-section elementor-element elementor-element-055ef7a elementor-section-boxed elementor-section-height-default elementor-section-height-default\" data-id=\"055ef7a\" data-element_type=\"section\">\n\t\t\t\t\t\t<div class=\"elementor-container elementor-column-gap-default\">\n\t\t\t\t\t<div class=\"elementor-column elementor-col-100 elementor-top-column elementor-element elementor-element-df44aa5\" data-id=\"df44aa5\" data-element_type=\"column\">\n\t\t\t<div class=\"elementor-widget-wrap elementor-element-populated\">\n\t\t\t\t\t\t<div class=\"elementor-element elementor-element-2ba24be elementor-widget elementor-widget-image\" data-id=\"2ba24be\" data-element_type=\"widget\" data-widget_type=\"image.default\">\n\t\t\t\t<div class=\"elementor-widget-container\">\n\t\t\t<style>\/*! elementor - v3.21.0 - 26-05-2024 *\/\n.elementor-widget-image{text-align:center}.elementor-widget-image a{display:inline-block}.elementor-widget-image a img[src$=\".svg\"]{width:48px}.elementor-widget-image img{vertical-align:middle;display:inline-block}<\/style>\t\t\t\t\t\t\t\t\t\t<img fetchpriority=\"high\" decoding=\"async\" width=\"2048\" height=\"934\" src=\"https:\/\/seniorenzentrum-zell.winkelwaldgruppe.de\/wp-content\/uploads\/sites\/5\/2023\/05\/Pflege_in_Zell_1-2048x934.webp\" class=\"attachment-2048x2048 size-2048x2048 wp-image-111\" alt=\"\" srcset=\"https:\/\/seniorenzentrum-zell.winkelwaldgruppe.de\/wp-content\/uploads\/sites\/5\/2023\/05\/Pflege_in_Zell_1-2048x934.webp 2048w, https:\/\/seniorenzentrum-zell.winkelwaldgruppe.de\/wp-content\/uploads\/sites\/5\/2023\/05\/Pflege_in_Zell_1-300x137.webp 300w, https:\/\/seniorenzentrum-zell.winkelwaldgruppe.de\/wp-content\/uploads\/sites\/5\/2023\/05\/Pflege_in_Zell_1-1024x467.webp 1024w, https:\/\/seniorenzentrum-zell.winkelwaldgruppe.de\/wp-content\/uploads\/sites\/5\/2023\/05\/Pflege_in_Zell_1-768x350.webp 768w, https:\/\/seniorenzentrum-zell.winkelwaldgruppe.de\/wp-content\/uploads\/sites\/5\/2023\/05\/Pflege_in_Zell_1-1536x701.webp 1536w\" sizes=\"(max-width: 2048px) 100vw, 2048px\" \/>\t\t\t\t\t\t\t\t\t\t\t\t\t<\/div>\n\t\t\t\t<\/div>\n\t\t\t\t\t<\/div>\n\t\t<\/div>\n\t\t\t\t\t<\/div>\n\t\t<\/section>\n\t\t\t\t<section class=\"elementor-section elementor-top-section elementor-element elementor-element-c91893a elementor-section-boxed elementor-section-height-default elementor-section-height-default\" data-id=\"c91893a\" data-element_type=\"section\">\n\t\t\t\t\t\t<div class=\"elementor-container elementor-column-gap-default\">\n\t\t\t\t\t<div class=\"elementor-column elementor-col-100 elementor-top-column elementor-element elementor-element-d729bc2\" data-id=\"d729bc2\" data-element_type=\"column\">\n\t\t\t<div class=\"elementor-widget-wrap elementor-element-populated\">\n\t\t\t\t\t\t<div class=\"elementor-element elementor-element-e177e54 elementor-widget elementor-widget-text-editor\" data-id=\"e177e54\" data-element_type=\"widget\" data-widget_type=\"text-editor.default\">\n\t\t\t\t<div class=\"elementor-widget-container\">\n\t\t\t\t\t\t\t<p><span style=\"color: var( --e-global-color-text );\">Unser Gesamtprojekt Untertorareal ist auf die Bed\u00fcrfnisse \u00e4lterer Menschen zugeschnitten. Die Bewohner k\u00f6nnen <\/span><span style=\"color: #00a9e8;\">bis ins hohe Alter selbstst\u00e4ndig leben<\/span><span style=\"color: var( --e-global-color-text );\"> und pflegen nachbarschaftliche Kontakte. Das Untertorareal bietet somit ein Umfeld, in dem Sie nicht nur ein sch\u00f6nes Zuhause finden, sondern auch Teil einer lebendigen Gemeinschaft werden k\u00f6nnen.<\/span><\/p><p><span style=\"color: var( --e-global-color-text );\">Wir laden Sie herzlich ein, Teil des Untertorareals zu werden und Zukunft zu leben.\u00a0<\/span><\/p>\t\t\t\t\t\t<\/div>\n\t\t\t\t<\/div>\n\t\t\t\t\t<\/div>\n\t\t<\/div>\n\t\t\t\t\t<\/div>\n\t\t<\/section>\n\t\t\t\t<section class=\"elementor-section elementor-top-section elementor-element elementor-element-6e17ac8 elementor-section-boxed elementor-section-height-default elementor-section-height-default\" data-id=\"6e17ac8\" data-element_type=\"section\">\n\t\t\t\t\t\t<div class=\"elementor-container elementor-column-gap-default\">\n\t\t\t\t\t<div class=\"elementor-column elementor-col-50 elementor-top-column elementor-element elementor-element-7fbb35d\" data-id=\"7fbb35d\" data-element_type=\"column\">\n\t\t\t<div class=\"elementor-widget-wrap elementor-element-populated\">\n\t\t\t\t\t\t<div class=\"elementor-element elementor-element-0fd7503 elementor-widget elementor-widget-image\" data-id=\"0fd7503\" data-element_type=\"widget\" data-widget_type=\"image.default\">\n\t\t\t\t<div class=\"elementor-widget-container\">\n\t\t\t\t\t\t\t\t\t\t\t\t\t<img decoding=\"async\" width=\"800\" height=\"533\" src=\"https:\/\/seniorenzentrum-zell.winkelwaldgruppe.de\/wp-content\/uploads\/sites\/5\/2023\/04\/Untertor_28_Pflegebetten-1024x682.webp\" class=\"attachment-large size-large wp-image-41\" alt=\"\" srcset=\"https:\/\/seniorenzentrum-zell.winkelwaldgruppe.de\/wp-content\/uploads\/sites\/5\/2023\/04\/Untertor_28_Pflegebetten-1024x682.webp 1024w, https:\/\/seniorenzentrum-zell.winkelwaldgruppe.de\/wp-content\/uploads\/sites\/5\/2023\/04\/Untertor_28_Pflegebetten-300x200.webp 300w, https:\/\/seniorenzentrum-zell.winkelwaldgruppe.de\/wp-content\/uploads\/sites\/5\/2023\/04\/Untertor_28_Pflegebetten-768x512.webp 768w, https:\/\/seniorenzentrum-zell.winkelwaldgruppe.de\/wp-content\/uploads\/sites\/5\/2023\/04\/Untertor_28_Pflegebetten-1536x1024.webp 1536w, https:\/\/seniorenzentrum-zell.winkelwaldgruppe.de\/wp-content\/uploads\/sites\/5\/2023\/04\/Untertor_28_Pflegebetten.webp 1772w\" sizes=\"(max-width: 800px) 100vw, 800px\" \/>\t\t\t\t\t\t\t\t\t\t\t\t\t<\/div>\n\t\t\t\t<\/div>\n\t\t\t\t\t<\/div>\n\t\t<\/div>\n\t\t\t\t<div class=\"elementor-column elementor-col-50 elementor-top-column elementor-element elementor-element-013964e\" data-id=\"013964e\" data-element_type=\"column\">\n\t\t\t<div class=\"elementor-widget-wrap elementor-element-populated\">\n\t\t\t\t\t\t<div class=\"elementor-element elementor-element-f86bcde elementor-widget elementor-widget-text-editor\" data-id=\"f86bcde\" data-element_type=\"widget\" data-widget_type=\"text-editor.default\">\n\t\t\t\t<div class=\"elementor-widget-container\">\n\t\t\t\t\t\t\tIn den Bewohnerzimmern unseres Seniorenheims ist eine Einrichtung vorhanden, die <span style=\"color: #8fb823;\">den Bed\u00fcrfnissen und F\u00e4higkeiten von \u00e4lteren Menschen<\/span> entspricht. Jedes Zimmer ist mit einem bequemen Bett, einem Schrank zur Aufbewahrung von Kleidung und pers\u00f6nlichen Gegenst\u00e4nden, einem Tisch und einem Stuhl ausgestattet. Dar\u00fcber hinaus verf\u00fcgen alle Zimmer \u00fcber ein eigenes Badezimmer. Die M\u00f6bel sind so konzipiert, dass sie einfach zu benutzen sind und den Komfort der Bewohner maximieren.\t\t\t\t\t\t<\/div>\n\t\t\t\t<\/div>\n\t\t\t\t\t<\/div>\n\t\t<\/div>\n\t\t\t\t\t<\/div>\n\t\t<\/section>\n\t\t\t\t<section class=\"elementor-section elementor-top-section elementor-element elementor-element-12832f4 elementor-reverse-mobile elementor-section-boxed elementor-section-height-default elementor-section-height-default\" data-id=\"12832f4\" data-element_type=\"section\">\n\t\t\t\t\t\t<div class=\"elementor-container elementor-column-gap-default\">\n\t\t\t\t\t<div class=\"elementor-column elementor-col-50 elementor-top-column elementor-element elementor-element-9258bf9\" data-id=\"9258bf9\" data-element_type=\"column\">\n\t\t\t<div class=\"elementor-widget-wrap elementor-element-populated\">\n\t\t\t\t\t\t<div class=\"elementor-element elementor-element-f880666 elementor-widget elementor-widget-text-editor\" data-id=\"f880666\" data-element_type=\"widget\" data-widget_type=\"text-editor.default\">\n\t\t\t\t<div class=\"elementor-widget-container\">\n\t\t\t\t\t\t\tDas Seniorenzentrum, das 28 Pflegebetten auf <span style=\"color: #8fb823;\">zwei Stockwerke<\/span> verteilt anbietet, liegt inmitten des sch\u00f6nen Untertorparkes. Die Bewohner k\u00f6nnen die beeindruckende Aussicht auf den Park und die umliegende Natur genie\u00dfen und sich in einer ruhigen und entspannenden Umgebung aufhalten.\t\t\t\t\t\t<\/div>\n\t\t\t\t<\/div>\n\t\t\t\t\t<\/div>\n\t\t<\/div>\n\t\t\t\t<div class=\"elementor-column elementor-col-50 elementor-top-column elementor-element elementor-element-59c05ca\" data-id=\"59c05ca\" data-element_type=\"column\">\n\t\t\t<div class=\"elementor-widget-wrap elementor-element-populated\">\n\t\t\t\t\t\t<div class=\"elementor-element elementor-element-1515296 elementor-widget elementor-widget-image\" data-id=\"1515296\" data-element_type=\"widget\" data-widget_type=\"image.default\">\n\t\t\t\t<div class=\"elementor-widget-container\">\n\t\t\t\t\t\t\t\t\t\t\t\t\t<img decoding=\"async\" width=\"800\" height=\"534\" src=\"https:\/\/seniorenzentrum-zell.winkelwaldgruppe.de\/wp-content\/uploads\/sites\/5\/2023\/04\/Untertor_2_Stockwerke-1024x683.webp\" class=\"attachment-large size-large wp-image-45\" alt=\"\" srcset=\"https:\/\/seniorenzentrum-zell.winkelwaldgruppe.de\/wp-content\/uploads\/sites\/5\/2023\/04\/Untertor_2_Stockwerke-1024x683.webp 1024w, https:\/\/seniorenzentrum-zell.winkelwaldgruppe.de\/wp-content\/uploads\/sites\/5\/2023\/04\/Untertor_2_Stockwerke-300x200.webp 300w, https:\/\/seniorenzentrum-zell.winkelwaldgruppe.de\/wp-content\/uploads\/sites\/5\/2023\/04\/Untertor_2_Stockwerke-768x512.webp 768w, https:\/\/seniorenzentrum-zell.winkelwaldgruppe.de\/wp-content\/uploads\/sites\/5\/2023\/04\/Untertor_2_Stockwerke-1536x1024.webp 1536w, https:\/\/seniorenzentrum-zell.winkelwaldgruppe.de\/wp-content\/uploads\/sites\/5\/2023\/04\/Untertor_2_Stockwerke-2048x1365.webp 2048w\" sizes=\"(max-width: 800px) 100vw, 800px\" \/>\t\t\t\t\t\t\t\t\t\t\t\t\t<\/div>\n\t\t\t\t<\/div>\n\t\t\t\t\t<\/div>\n\t\t<\/div>\n\t\t\t\t\t<\/div>\n\t\t<\/section>\n\t\t\t\t<section class=\"elementor-section elementor-top-section elementor-element elementor-element-11dc5c4 elementor-section-boxed elementor-section-height-default elementor-section-height-default\" data-id=\"11dc5c4\" data-element_type=\"section\">\n\t\t\t\t\t\t<div class=\"elementor-container elementor-column-gap-default\">\n\t\t\t\t\t<div class=\"elementor-column elementor-col-50 elementor-top-column elementor-element elementor-element-d03119c\" data-id=\"d03119c\" data-element_type=\"column\">\n\t\t\t<div class=\"elementor-widget-wrap elementor-element-populated\">\n\t\t\t\t\t\t<div class=\"elementor-element elementor-element-8240268 elementor-widget elementor-widget-image\" data-id=\"8240268\" data-element_type=\"widget\" data-widget_type=\"image.default\">\n\t\t\t\t<div class=\"elementor-widget-container\">\n\t\t\t\t\t\t\t\t\t\t\t\t\t<img loading=\"lazy\" decoding=\"async\" width=\"800\" height=\"534\" src=\"https:\/\/seniorenzentrum-zell.winkelwaldgruppe.de\/wp-content\/uploads\/sites\/5\/2023\/04\/Untertor_1_Team-1024x683.webp\" class=\"attachment-large size-large wp-image-43\" alt=\"\" srcset=\"https:\/\/seniorenzentrum-zell.winkelwaldgruppe.de\/wp-content\/uploads\/sites\/5\/2023\/04\/Untertor_1_Team-1024x683.webp 1024w, https:\/\/seniorenzentrum-zell.winkelwaldgruppe.de\/wp-content\/uploads\/sites\/5\/2023\/04\/Untertor_1_Team-300x200.webp 300w, https:\/\/seniorenzentrum-zell.winkelwaldgruppe.de\/wp-content\/uploads\/sites\/5\/2023\/04\/Untertor_1_Team-768x512.webp 768w, https:\/\/seniorenzentrum-zell.winkelwaldgruppe.de\/wp-content\/uploads\/sites\/5\/2023\/04\/Untertor_1_Team-1536x1024.webp 1536w, https:\/\/seniorenzentrum-zell.winkelwaldgruppe.de\/wp-content\/uploads\/sites\/5\/2023\/04\/Untertor_1_Team-2048x1365.webp 2048w\" sizes=\"(max-width: 800px) 100vw, 800px\" \/>\t\t\t\t\t\t\t\t\t\t\t\t\t<\/div>\n\t\t\t\t<\/div>\n\t\t\t\t\t<\/div>\n\t\t<\/div>\n\t\t\t\t<div class=\"elementor-column elementor-col-50 elementor-top-column elementor-element elementor-element-bc27b1d\" data-id=\"bc27b1d\" data-element_type=\"column\">\n\t\t\t<div class=\"elementor-widget-wrap elementor-element-populated\">\n\t\t\t\t\t\t<div class=\"elementor-element elementor-element-c0488bf elementor-widget elementor-widget-text-editor\" data-id=\"c0488bf\" data-element_type=\"widget\" data-widget_type=\"text-editor.default\">\n\t\t\t\t<div class=\"elementor-widget-container\">\n\t\t\t\t\t\t\tEin Team, das zusammenh\u00e4lt, kann jede H\u00fcrde meistern. Jedes Mitglied ist wichtig und wird gesch\u00e4tzt, da jeder seine eigenen F\u00e4higkeiten und St\u00e4rken einbringt. Es entsteht ein Gef\u00fchl von <span style=\"color: #8fb823;\">Zusammenhalt und Vertrauen<\/span>, das es jedem Einzelnen erm\u00f6glicht, sein Bestes zu geben und zu gl\u00e4nzen.\t\t\t\t\t\t<\/div>\n\t\t\t\t<\/div>\n\t\t\t\t\t<\/div>\n\t\t<\/div>\n\t\t\t\t\t<\/div>\n\t\t<\/section>\n\t\t<div class=\"elementor-element elementor-element-bdd69a8 elementor-hidden-mobile e-flex e-con-boxed elementor-invisible e-con e-parent\" data-id=\"bdd69a8\" data-element_type=\"container\" data-settings=\"{&quot;animation&quot;:&quot;fadeInUp&quot;,&quot;background_background&quot;:&quot;classic&quot;}\">\n\t\t\t\t\t<div class=\"e-con-inner\">\n\t\t<div class=\"elementor-element elementor-element-4827a1a e-con-full e-flex e-con e-child\" data-id=\"4827a1a\" data-element_type=\"container\">\n\t\t\t\t<div class=\"elementor-element elementor-element-796bf31 elementor-widget elementor-widget-heading\" data-id=\"796bf31\" data-element_type=\"widget\" data-widget_type=\"heading.default\">\n\t\t\t\t<div class=\"elementor-widget-container\">\n\t\t\t<h2 class=\"elementor-heading-title elementor-size-default\">Komm in unser Team.<br>Karriere &amp; Ausbildung<\/h2>\t\t<\/div>\n\t\t\t\t<\/div>\n\t\t\t\t<div class=\"elementor-element elementor-element-96ae034 elementor-align-left elementor-icon-list--layout-traditional elementor-list-item-link-full_width elementor-widget elementor-widget-icon-list\" data-id=\"96ae034\" data-element_type=\"widget\" data-widget_type=\"icon-list.default\">\n\t\t\t\t<div class=\"elementor-widget-container\">\n\t\t\t<link rel=\"stylesheet\" href=\"https:\/\/seniorenzentrum-zell.winkelwaldgruppe.de\/wp-content\/uploads\/sites\/5\/elementor\/css\/custom-widget-icon-list.min.css?ver=1743583277\">\t\t<ul class=\"elementor-icon-list-items\">\n\t\t\t\t\t\t\t<li class=\"elementor-icon-list-item\">\n\t\t\t\t\t\t\t\t\t\t\t<a href=\"https:\/\/winkelwaldgruppe.de\/karriere\/?taetigkeitsbereich=pflege\">\n\n\t\t\t\t\t\t\t\t\t\t\t\t<span class=\"elementor-icon-list-icon\">\n\t\t\t\t\t\t\t<i aria-hidden=\"true\" class=\"fas fa-chevron-circle-right\"><\/i>\t\t\t\t\t\t<\/span>\n\t\t\t\t\t\t\t\t\t\t<span class=\"elementor-icon-list-text\">Offene Stellen in der WiWa Pflege<\/span>\n\t\t\t\t\t\t\t\t\t\t\t<\/a>\n\t\t\t\t\t\t\t\t\t<\/li>\n\t\t\t\t\t\t\t\t<li class=\"elementor-icon-list-item\">\n\t\t\t\t\t\t\t\t\t\t\t<a href=\"https:\/\/winkelwaldgruppe.de\/karriere\/\">\n\n\t\t\t\t\t\t\t\t\t\t\t\t<span class=\"elementor-icon-list-icon\">\n\t\t\t\t\t\t\t<i aria-hidden=\"true\" class=\"fas fa-chevron-circle-right\"><\/i>\t\t\t\t\t\t<\/span>\n\t\t\t\t\t\t\t\t\t\t<span class=\"elementor-icon-list-text\">Arbeiten bei der Winkelwaldgruppe<\/span>\n\t\t\t\t\t\t\t\t\t\t\t<\/a>\n\t\t\t\t\t\t\t\t\t<\/li>\n\t\t\t\t\t\t<\/ul>\n\t\t\t\t<\/div>\n\t\t\t\t<\/div>\n\t\t\t\t<\/div>\n\t\t<div class=\"elementor-element elementor-element-e813580 e-con-full e-flex e-con e-child\" data-id=\"e813580\" data-element_type=\"container\">\n\t\t\t\t<div class=\"elementor-element elementor-element-18d290c elementor-widget elementor-widget-image\" data-id=\"18d290c\" data-element_type=\"widget\" data-widget_type=\"image.default\">\n\t\t\t\t<div class=\"elementor-widget-container\">\n\t\t\t\t\t\t\t\t\t\t\t\t\t<img loading=\"lazy\" decoding=\"async\" width=\"800\" height=\"1010\" src=\"https:\/\/seniorenzentrum-zell.winkelwaldgruppe.de\/wp-content\/uploads\/sites\/5\/2023\/09\/Krankenschwester_v2-811x1024.png\" class=\"attachment-large size-large wp-image-139\" alt=\"\" srcset=\"https:\/\/seniorenzentrum-zell.winkelwaldgruppe.de\/wp-content\/uploads\/sites\/5\/2023\/09\/Krankenschwester_v2-811x1024.png 811w, https:\/\/seniorenzentrum-zell.winkelwaldgruppe.de\/wp-content\/uploads\/sites\/5\/2023\/09\/Krankenschwester_v2-238x300.png 238w, https:\/\/seniorenzentrum-zell.winkelwaldgruppe.de\/wp-content\/uploads\/sites\/5\/2023\/09\/Krankenschwester_v2-768x970.png 768w, https:\/\/seniorenzentrum-zell.winkelwaldgruppe.de\/wp-content\/uploads\/sites\/5\/2023\/09\/Krankenschwester_v2.png 937w\" sizes=\"(max-width: 800px) 100vw, 800px\" \/>\t\t\t\t\t\t\t\t\t\t\t\t\t<\/div>\n\t\t\t\t<\/div>\n\t\t\t\t<\/div>\n\t\t\t\t\t<\/div>\n\t\t\t\t<\/div>\n\t\t\t\t<section class=\"elementor-section elementor-top-section elementor-element elementor-element-c99dae0 elementor-section-full_width elementor-section-height-default elementor-section-height-default\" data-id=\"c99dae0\" data-element_type=\"section\" data-settings=\"{&quot;background_background&quot;:&quot;classic&quot;}\">\n\t\t\t\t\t\t<div class=\"elementor-container elementor-column-gap-no\">\n\t\t\t\t\t<div class=\"elementor-column elementor-col-100 elementor-top-column elementor-element elementor-element-c9dbcb0\" data-id=\"c9dbcb0\" data-element_type=\"column\">\n\t\t\t<div class=\"elementor-widget-wrap elementor-element-populated\">\n\t\t\t\t\t\t<div class=\"elementor-element elementor-element-bee2d17 elementor-widget__width-inherit elementor-pagination-position-inside elementor-skin-carousel elementor-arrows-yes elementor-pagination-type-bullets elementor-widget elementor-widget-media-carousel\" data-id=\"bee2d17\" data-element_type=\"widget\" data-settings=\"{&quot;slides_per_view&quot;:&quot;1&quot;,&quot;slides_per_view_tablet&quot;:&quot;1&quot;,&quot;skin&quot;:&quot;carousel&quot;,&quot;effect&quot;:&quot;slide&quot;,&quot;show_arrows&quot;:&quot;yes&quot;,&quot;pagination&quot;:&quot;bullets&quot;,&quot;speed&quot;:500,&quot;autoplay&quot;:&quot;yes&quot;,&quot;autoplay_speed&quot;:5000,&quot;loop&quot;:&quot;yes&quot;,&quot;pause_on_hover&quot;:&quot;yes&quot;,&quot;pause_on_interaction&quot;:&quot;yes&quot;,&quot;space_between&quot;:{&quot;unit&quot;:&quot;px&quot;,&quot;size&quot;:10,&quot;sizes&quot;:[]},&quot;space_between_laptop&quot;:{&quot;unit&quot;:&quot;px&quot;,&quot;size&quot;:10,&quot;sizes&quot;:[]},&quot;space_between_tablet_extra&quot;:{&quot;unit&quot;:&quot;px&quot;,&quot;size&quot;:10,&quot;sizes&quot;:[]},&quot;space_between_tablet&quot;:{&quot;unit&quot;:&quot;px&quot;,&quot;size&quot;:10,&quot;sizes&quot;:[]},&quot;space_between_mobile&quot;:{&quot;unit&quot;:&quot;px&quot;,&quot;size&quot;:10,&quot;sizes&quot;:[]}}\" data-widget_type=\"media-carousel.default\">\n\t\t\t\t<div class=\"elementor-widget-container\">\n\t\t\t<link rel=\"stylesheet\" href=\"https:\/\/seniorenzentrum-zell.winkelwaldgruppe.de\/wp-content\/plugins\/elementor-pro\/assets\/css\/widget-carousel.min.css\">\t\t<div class=\"elementor-swiper\">\n\t\t\t<div class=\"elementor-main-swiper swiper\">\n\t\t\t\t<div class=\"swiper-wrapper\">\n\t\t\t\t\t\t\t\t\t\t\t<div class=\"swiper-slide\">\n\t\t\t\t\t\t\t<a href=\"https:\/\/seniorenzentrum-zell.winkelwaldgruppe.de\/wp-content\/uploads\/sites\/5\/2023\/05\/Pflegebett-scaled.webp\" data-elementor-open-lightbox=\"yes\" data-elementor-lightbox-slideshow=\"bee2d17\" data-elementor-lightbox-title=\"Pflegebett\" data-e-action-hash=\"#elementor-action%3Aaction%3Dlightbox%26settings%3DeyJpZCI6NTgsInVybCI6Imh0dHBzOlwvXC9zZW5pb3JlbnplbnRydW0temVsbC53aW5rZWx3YWxkZ3J1cHBlLmRlXC93cC1jb250ZW50XC91cGxvYWRzXC9zaXRlc1wvNVwvMjAyM1wvMDVcL1BmbGVnZWJldHQtc2NhbGVkLndlYnAiLCJzbGlkZXNob3ciOiJiZWUyZDE3In0%3D\">\t\t<div class=\"elementor-carousel-image\" role=\"img\" aria-label=\"Pflegebett\" style=\"background-image: url(&#039;https:\/\/seniorenzentrum-zell.winkelwaldgruppe.de\/wp-content\/uploads\/sites\/5\/2023\/05\/Pflegebett-scaled.webp&#039;)\">\n\n\t\t\t\n\t\t\t\t\t<\/div>\n\t\t<\/a>\t\t\t\t\t\t<\/div>\n\t\t\t\t\t\t\t\t\t\t\t<div class=\"swiper-slide\">\n\t\t\t\t\t\t\t<a href=\"https:\/\/seniorenzentrum-zell.winkelwaldgruppe.de\/wp-content\/uploads\/sites\/5\/2023\/05\/Tisch_und_Stuehle-scaled.webp\" data-elementor-open-lightbox=\"yes\" data-elementor-lightbox-slideshow=\"bee2d17\" data-elementor-lightbox-title=\"Tisch_und_St\u00fchle\" data-e-action-hash=\"#elementor-action%3Aaction%3Dlightbox%26settings%3DeyJpZCI6NTksInVybCI6Imh0dHBzOlwvXC9zZW5pb3JlbnplbnRydW0temVsbC53aW5rZWx3YWxkZ3J1cHBlLmRlXC93cC1jb250ZW50XC91cGxvYWRzXC9zaXRlc1wvNVwvMjAyM1wvMDVcL1Rpc2NoX3VuZF9TdHVlaGxlLXNjYWxlZC53ZWJwIiwic2xpZGVzaG93IjoiYmVlMmQxNyJ9\">\t\t<div class=\"elementor-carousel-image\" role=\"img\" aria-label=\"Tisch_und_St\u00fchle\" style=\"background-image: url(&#039;https:\/\/seniorenzentrum-zell.winkelwaldgruppe.de\/wp-content\/uploads\/sites\/5\/2023\/05\/Tisch_und_Stuehle-scaled.webp&#039;)\">\n\n\t\t\t\n\t\t\t\t\t<\/div>\n\t\t<\/a>\t\t\t\t\t\t<\/div>\n\t\t\t\t\t\t\t\t\t\t\t<div class=\"swiper-slide\">\n\t\t\t\t\t\t\t<a href=\"https:\/\/seniorenzentrum-zell.winkelwaldgruppe.de\/wp-content\/uploads\/sites\/5\/2023\/05\/Einzelzimmer-scaled.webp\" data-elementor-open-lightbox=\"yes\" data-elementor-lightbox-slideshow=\"bee2d17\" data-elementor-lightbox-title=\"Einzelzimmer\" data-e-action-hash=\"#elementor-action%3Aaction%3Dlightbox%26settings%3DeyJpZCI6NTcsInVybCI6Imh0dHBzOlwvXC9zZW5pb3JlbnplbnRydW0temVsbC53aW5rZWx3YWxkZ3J1cHBlLmRlXC93cC1jb250ZW50XC91cGxvYWRzXC9zaXRlc1wvNVwvMjAyM1wvMDVcL0VpbnplbHppbW1lci1zY2FsZWQud2VicCIsInNsaWRlc2hvdyI6ImJlZTJkMTcifQ%3D%3D\">\t\t<div class=\"elementor-carousel-image\" role=\"img\" aria-label=\"Einzelzimmer\" style=\"background-image: url(&#039;https:\/\/seniorenzentrum-zell.winkelwaldgruppe.de\/wp-content\/uploads\/sites\/5\/2023\/05\/Einzelzimmer-scaled.webp&#039;)\">\n\n\t\t\t\n\t\t\t\t\t<\/div>\n\t\t<\/a>\t\t\t\t\t\t<\/div>\n\t\t\t\t\t\t\t\t\t\t\t<div class=\"swiper-slide\">\n\t\t\t\t\t\t\t<a href=\"https:\/\/seniorenzentrum-zell.winkelwaldgruppe.de\/wp-content\/uploads\/sites\/5\/2023\/05\/Gebaeude_Zell_2-scaled.webp\" data-elementor-open-lightbox=\"yes\" data-elementor-lightbox-slideshow=\"bee2d17\" data-elementor-lightbox-title=\"Geb\u00e4ude_Zell_2\" data-e-action-hash=\"#elementor-action%3Aaction%3Dlightbox%26settings%3DeyJpZCI6NTYsInVybCI6Imh0dHBzOlwvXC9zZW5pb3JlbnplbnRydW0temVsbC53aW5rZWx3YWxkZ3J1cHBlLmRlXC93cC1jb250ZW50XC91cGxvYWRzXC9zaXRlc1wvNVwvMjAyM1wvMDVcL0dlYmFldWRlX1plbGxfMi1zY2FsZWQud2VicCIsInNsaWRlc2hvdyI6ImJlZTJkMTcifQ%3D%3D\">\t\t<div class=\"elementor-carousel-image\" role=\"img\" aria-label=\"Geb\u00e4ude_Zell_2\" style=\"background-image: url(&#039;https:\/\/seniorenzentrum-zell.winkelwaldgruppe.de\/wp-content\/uploads\/sites\/5\/2023\/05\/Gebaeude_Zell_2-scaled.webp&#039;)\">\n\n\t\t\t\n\t\t\t\t\t<\/div>\n\t\t<\/a>\t\t\t\t\t\t<\/div>\n\t\t\t\t\t\t\t\t\t<\/div>\n\t\t\t\t\t\t\t\t\t\t\t\t\t\t\t<div class=\"swiper-pagination\"><\/div>\n\t\t\t\t\t\t\t\t\t\t\t\t\t\t\t\t<div class=\"elementor-swiper-button elementor-swiper-button-prev\" role=\"button\" tabindex=\"0\">\n\t\t\t\t\t\t\t<i aria-hidden=\"true\" class=\"eicon-chevron-left\"><\/i>\t\t\t\t\t\t\t<span class=\"elementor-screen-only\">Voriger<\/span>\n\t\t\t\t\t\t<\/div>\n\t\t\t\t\t\t<div class=\"elementor-swiper-button elementor-swiper-button-next\" role=\"button\" tabindex=\"0\">\n\t\t\t\t\t\t\t<i aria-hidden=\"true\" class=\"eicon-chevron-right\"><\/i>\t\t\t\t\t\t\t<span class=\"elementor-screen-only\">N\u00e4chster<\/span>\n\t\t\t\t\t\t<\/div>\n\t\t\t\t\t\t\t\t\t\t\t\t<\/div>\n\t\t<\/div>\n\t\t\t\t<\/div>\n\t\t\t\t<\/div>\n\t\t\t\t\t<\/div>\n\t\t<\/div>\n\t\t\t\t\t<\/div>\n\t\t<\/section>\n\t\t\t\t<section class=\"elementor-section elementor-top-section elementor-element elementor-element-64d830e elementor-section-boxed elementor-section-height-default elementor-section-height-default\" data-id=\"64d830e\" data-element_type=\"section\" id=\"leistungen\" data-settings=\"{&quot;background_background&quot;:&quot;classic&quot;}\">\n\t\t\t\t\t\t<div class=\"elementor-container elementor-column-gap-default\">\n\t\t\t\t\t<div class=\"elementor-column elementor-col-100 elementor-top-column elementor-element elementor-element-3459d3f\" data-id=\"3459d3f\" data-element_type=\"column\" data-settings=\"{&quot;background_background&quot;:&quot;classic&quot;}\">\n\t\t\t<div class=\"elementor-widget-wrap elementor-element-populated\">\n\t\t\t\t\t\t<div class=\"elementor-element elementor-element-06be88a elementor-widget elementor-widget-heading\" data-id=\"06be88a\" data-element_type=\"widget\" data-widget_type=\"heading.default\">\n\t\t\t\t<div class=\"elementor-widget-container\">\n\t\t\t<h2 class=\"elementor-heading-title elementor-size-xl\">Unsere Leistungen<\/h2>\t\t<\/div>\n\t\t\t\t<\/div>\n\t\t\t\t\t<\/div>\n\t\t<\/div>\n\t\t\t\t\t<\/div>\n\t\t<\/section>\n\t\t\t\t<section class=\"elementor-section elementor-top-section elementor-element elementor-element-9616e28 elementor-section-boxed elementor-section-height-default elementor-section-height-default\" data-id=\"9616e28\" data-element_type=\"section\" data-settings=\"{&quot;background_background&quot;:&quot;classic&quot;}\">\n\t\t\t\t\t\t<div class=\"elementor-container elementor-column-gap-default\">\n\t\t\t\t\t<div class=\"elementor-column elementor-col-100 elementor-top-column elementor-element elementor-element-6f3bc24\" data-id=\"6f3bc24\" data-element_type=\"column\">\n\t\t\t<div class=\"elementor-widget-wrap\">\n\t\t\t\t\t\t\t<\/div>\n\t\t<\/div>\n\t\t\t\t\t<\/div>\n\t\t<\/section>\n\t\t<div class=\"elementor-element elementor-element-2ad2314 elementor-hidden-mobile e-flex e-con-boxed e-con e-parent\" data-id=\"2ad2314\" data-element_type=\"container\" data-settings=\"{&quot;background_background&quot;:&quot;classic&quot;}\">\n\t\t\t\t\t<div class=\"e-con-inner\">\n\t\t<div class=\"elementor-element elementor-element-b66178e e-con-full e-flex e-con e-child\" data-id=\"b66178e\" data-element_type=\"container\">\n\t\t<div class=\"elementor-element elementor-element-fc4ab8c e-con-full e-flex e-con e-child\" data-id=\"fc4ab8c\" data-element_type=\"container\">\n\t\t\t\t<div class=\"elementor-element elementor-element-91607db elementor-widget elementor-widget-image\" data-id=\"91607db\" data-element_type=\"widget\" data-widget_type=\"image.default\">\n\t\t\t\t<div class=\"elementor-widget-container\">\n\t\t\t\t\t\t\t\t\t\t\t\t\t<img loading=\"lazy\" decoding=\"async\" width=\"800\" height=\"800\" src=\"https:\/\/seniorenzentrum-zell.winkelwaldgruppe.de\/wp-content\/uploads\/sites\/5\/2023\/05\/Langzeitpflege_Laechelnde_Seniorin-1024x1024.webp\" class=\"attachment-large size-large wp-image-61\" alt=\"\" srcset=\"https:\/\/seniorenzentrum-zell.winkelwaldgruppe.de\/wp-content\/uploads\/sites\/5\/2023\/05\/Langzeitpflege_Laechelnde_Seniorin-1024x1024.webp 1024w, https:\/\/seniorenzentrum-zell.winkelwaldgruppe.de\/wp-content\/uploads\/sites\/5\/2023\/05\/Langzeitpflege_Laechelnde_Seniorin-300x300.webp 300w, https:\/\/seniorenzentrum-zell.winkelwaldgruppe.de\/wp-content\/uploads\/sites\/5\/2023\/05\/Langzeitpflege_Laechelnde_Seniorin-150x150.webp 150w, https:\/\/seniorenzentrum-zell.winkelwaldgruppe.de\/wp-content\/uploads\/sites\/5\/2023\/05\/Langzeitpflege_Laechelnde_Seniorin-768x768.webp 768w, https:\/\/seniorenzentrum-zell.winkelwaldgruppe.de\/wp-content\/uploads\/sites\/5\/2023\/05\/Langzeitpflege_Laechelnde_Seniorin-1536x1536.webp 1536w, https:\/\/seniorenzentrum-zell.winkelwaldgruppe.de\/wp-content\/uploads\/sites\/5\/2023\/05\/Langzeitpflege_Laechelnde_Seniorin.webp 2000w\" sizes=\"(max-width: 800px) 100vw, 800px\" \/>\t\t\t\t\t\t\t\t\t\t\t\t\t<\/div>\n\t\t\t\t<\/div>\n\t\t\t\t<\/div>\n\t\t<div class=\"elementor-element elementor-element-4de2aa4 e-flex e-con-boxed e-con e-child\" data-id=\"4de2aa4\" data-element_type=\"container\" data-settings=\"{&quot;background_background&quot;:&quot;classic&quot;}\">\n\t\t\t\t\t<div class=\"e-con-inner\">\n\t\t\t\t<div class=\"elementor-element elementor-element-925bc49 elementor-widget elementor-widget-heading\" data-id=\"925bc49\" data-element_type=\"widget\" data-widget_type=\"heading.default\">\n\t\t\t\t<div class=\"elementor-widget-container\">\n\t\t\t<h2 class=\"elementor-heading-title elementor-size-default\">Langzeitpflege<\/h2>\t\t<\/div>\n\t\t\t\t<\/div>\n\t\t\t\t<div class=\"elementor-element elementor-element-dd5f540 elementor-widget elementor-widget-text-editor\" data-id=\"dd5f540\" data-element_type=\"widget\" data-widget_type=\"text-editor.default\">\n\t\t\t\t<div class=\"elementor-widget-container\">\n\t\t\t\t\t\t\t<p><strong>Qualifiziertes Personal<\/strong> aus der Hauswirtschaft, Betreuung und Pflege gestalten gemeinsam mit den Bewohnern den Lebensalltag.<\/p><p>Auf jeder Hausgemeinschaft wird t\u00e4glich frisch gekocht. Die <strong>Vorlieben<\/strong> und Interessen der Bewohner werden im Alltag ber\u00fccksichtigt und wahrgenommen.<\/p><p>Die Pflege wird in unseren H\u00e4usern mit Einf\u00fchlungsverm\u00f6gen und Respekt ausge\u00fcbt.<\/p><p>Ein wichtiger Aspekt unserer Arbeit ist das Einbeziehen der Angeh\u00f6rigen und der Kommune (z.B. die Kirche, Vereine) in das Geschehen in unserem Pflegeheim.<\/p>\t\t\t\t\t\t<\/div>\n\t\t\t\t<\/div>\n\t\t\t\t\t<\/div>\n\t\t\t\t<\/div>\n\t\t\t\t<\/div>\n\t\t<div class=\"elementor-element elementor-element-3b17fee e-con-full e-flex e-con e-child\" data-id=\"3b17fee\" data-element_type=\"container\" data-settings=\"{&quot;background_background&quot;:&quot;classic&quot;}\">\n\t\t<div class=\"elementor-element elementor-element-71598b2 e-flex e-con-boxed e-con e-child\" data-id=\"71598b2\" data-element_type=\"container\" data-settings=\"{&quot;background_background&quot;:&quot;classic&quot;}\">\n\t\t\t\t\t<div class=\"e-con-inner\">\n\t\t\t\t<div class=\"elementor-element elementor-element-bf4e85e elementor-widget elementor-widget-heading\" data-id=\"bf4e85e\" data-element_type=\"widget\" data-widget_type=\"heading.default\">\n\t\t\t\t<div class=\"elementor-widget-container\">\n\t\t\t<h2 class=\"elementor-heading-title elementor-size-default\">Kurzzeitpflege<\/h2>\t\t<\/div>\n\t\t\t\t<\/div>\n\t\t\t\t<div class=\"elementor-element elementor-element-971386b elementor-widget elementor-widget-text-editor\" data-id=\"971386b\" data-element_type=\"widget\" data-widget_type=\"text-editor.default\">\n\t\t\t\t<div class=\"elementor-widget-container\">\n\t\t\t\t\t\t\t<p><strong>Auszeit vom Alltag<\/strong><br \/>Pflegebed\u00fcrftige, die von ihren Angeh\u00f6rigen zu Hause betreut und begleitet werden, erhalten Verhinderungspflege, wenn die Angeh\u00f6rigen eine Vertretung brauchen.<\/p><p>Sicher kennen Sie als pflegender Angeh\u00f6riger die Situation, wenn Sie kurzfristig eine Vertretung f\u00fcr sich brauchen &#8211; f\u00fcr ein paar Stunden, Tage oder auch Wochen &#8211; weil Sie wichtige Termine haben oder eine kleine Auszeit brauchen.<\/p><p>Diese Vertretungsleistungen\u00a0<strong>bieten wir, die Winkelwaldgruppe, f\u00fcr Sie an.<\/strong><\/p>\t\t\t\t\t\t<\/div>\n\t\t\t\t<\/div>\n\t\t\t\t\t<\/div>\n\t\t\t\t<\/div>\n\t\t<div class=\"elementor-element elementor-element-a0a2891 e-con-full e-flex e-con e-child\" data-id=\"a0a2891\" data-element_type=\"container\">\n\t\t\t\t<div class=\"elementor-element elementor-element-6df320b elementor-widget elementor-widget-image\" data-id=\"6df320b\" data-element_type=\"widget\" data-widget_type=\"image.default\">\n\t\t\t\t<div class=\"elementor-widget-container\">\n\t\t\t\t\t\t\t\t\t\t\t\t\t<img loading=\"lazy\" decoding=\"async\" width=\"800\" height=\"800\" src=\"https:\/\/seniorenzentrum-zell.winkelwaldgruppe.de\/wp-content\/uploads\/sites\/5\/2023\/05\/Kurzzeitpflege_laechelnder_Senior-1024x1024.webp\" class=\"attachment-large size-large wp-image-60\" alt=\"\" srcset=\"https:\/\/seniorenzentrum-zell.winkelwaldgruppe.de\/wp-content\/uploads\/sites\/5\/2023\/05\/Kurzzeitpflege_laechelnder_Senior-1024x1024.webp 1024w, https:\/\/seniorenzentrum-zell.winkelwaldgruppe.de\/wp-content\/uploads\/sites\/5\/2023\/05\/Kurzzeitpflege_laechelnder_Senior-300x300.webp 300w, https:\/\/seniorenzentrum-zell.winkelwaldgruppe.de\/wp-content\/uploads\/sites\/5\/2023\/05\/Kurzzeitpflege_laechelnder_Senior-150x150.webp 150w, https:\/\/seniorenzentrum-zell.winkelwaldgruppe.de\/wp-content\/uploads\/sites\/5\/2023\/05\/Kurzzeitpflege_laechelnder_Senior-768x768.webp 768w, https:\/\/seniorenzentrum-zell.winkelwaldgruppe.de\/wp-content\/uploads\/sites\/5\/2023\/05\/Kurzzeitpflege_laechelnder_Senior-1536x1536.webp 1536w, https:\/\/seniorenzentrum-zell.winkelwaldgruppe.de\/wp-content\/uploads\/sites\/5\/2023\/05\/Kurzzeitpflege_laechelnder_Senior.webp 2000w\" sizes=\"(max-width: 800px) 100vw, 800px\" \/>\t\t\t\t\t\t\t\t\t\t\t\t\t<\/div>\n\t\t\t\t<\/div>\n\t\t\t\t<\/div>\n\t\t\t\t<\/div>\n\t\t\t\t\t<\/div>\n\t\t\t\t<\/div>\n\t\t\t\t<section class=\"elementor-section elementor-top-section elementor-element elementor-element-f33601b elementor-section-boxed elementor-section-height-default elementor-section-height-default\" data-id=\"f33601b\" data-element_type=\"section\" data-settings=\"{&quot;background_background&quot;:&quot;gradient&quot;}\">\n\t\t\t\t\t\t<div class=\"elementor-container elementor-column-gap-no\">\n\t\t\t\t\t<div class=\"elementor-column elementor-col-50 elementor-top-column elementor-element elementor-element-df70e53\" data-id=\"df70e53\" data-element_type=\"column\">\n\t\t\t<div class=\"elementor-widget-wrap elementor-element-populated\">\n\t\t\t\t\t\t<div class=\"elementor-element elementor-element-42c6c0d elementor-widget elementor-widget-text-editor\" data-id=\"42c6c0d\" data-element_type=\"widget\" data-widget_type=\"text-editor.default\">\n\t\t\t\t<div class=\"elementor-widget-container\">\n\t\t\t\t\t\t\t<p>Noch Fragen?<\/p>\t\t\t\t\t\t<\/div>\n\t\t\t\t<\/div>\n\t\t\t\t<div class=\"elementor-element elementor-element-37a3875 elementor-widget elementor-widget-text-editor\" data-id=\"37a3875\" data-element_type=\"widget\" data-widget_type=\"text-editor.default\">\n\t\t\t\t<div class=\"elementor-widget-container\">\n\t\t\t\t\t\t\t<p>Wir beraten Sie gerne<\/p>\t\t\t\t\t\t<\/div>\n\t\t\t\t<\/div>\n\t\t\t\t<div class=\"elementor-element elementor-element-2ed22cf elementor-widget elementor-widget-text-editor\" data-id=\"2ed22cf\" data-element_type=\"widget\" data-widget_type=\"text-editor.default\">\n\t\t\t\t<div class=\"elementor-widget-container\">\n\t\t\t\t\t\t\t<p>Telefon&nbsp; &nbsp; 07835.9989-211<br>Fax&nbsp; &nbsp; &nbsp; &nbsp; &nbsp; &nbsp;07835. 9989-299<br>E-mail&nbsp; &nbsp; &nbsp; <a href=\"mailto:untertor@winkelwaldgruppe.de\">untertor@winkelwaldgruppe.de<\/a><\/p>\n<p>Nordracher Stra\u00dfe 3<br><span style=\"color: var( --e-global-color-text );\">77736 Zell a. H.<\/span><\/p>\t\t\t\t\t\t<\/div>\n\t\t\t\t<\/div>\n\t\t\t\t\t<\/div>\n\t\t<\/div>\n\t\t\t\t<div class=\"elementor-column elementor-col-50 elementor-top-column elementor-element elementor-element-c1cf41e\" data-id=\"c1cf41e\" data-element_type=\"column\">\n\t\t\t<div class=\"elementor-widget-wrap elementor-element-populated\">\n\t\t\t\t\t\t<div class=\"elementor-element elementor-element-75edf53 elementor-widget elementor-widget-image\" data-id=\"75edf53\" data-element_type=\"widget\" data-widget_type=\"image.default\">\n\t\t\t\t<div class=\"elementor-widget-container\">\n\t\t\t\t\t\t\t\t\t\t\t\t\t<img loading=\"lazy\" decoding=\"async\" width=\"2048\" height=\"2048\" src=\"https:\/\/seniorenzentrum-zell.winkelwaldgruppe.de\/wp-content\/uploads\/sites\/5\/2023\/05\/Pflegefachkraft-2048x2048.webp\" class=\"attachment-2048x2048 size-2048x2048 wp-image-88\" alt=\"\" srcset=\"https:\/\/seniorenzentrum-zell.winkelwaldgruppe.de\/wp-content\/uploads\/sites\/5\/2023\/05\/Pflegefachkraft-2048x2048.webp 2048w, https:\/\/seniorenzentrum-zell.winkelwaldgruppe.de\/wp-content\/uploads\/sites\/5\/2023\/05\/Pflegefachkraft-300x300.webp 300w, https:\/\/seniorenzentrum-zell.winkelwaldgruppe.de\/wp-content\/uploads\/sites\/5\/2023\/05\/Pflegefachkraft-1024x1024.webp 1024w, https:\/\/seniorenzentrum-zell.winkelwaldgruppe.de\/wp-content\/uploads\/sites\/5\/2023\/05\/Pflegefachkraft-150x150.webp 150w, https:\/\/seniorenzentrum-zell.winkelwaldgruppe.de\/wp-content\/uploads\/sites\/5\/2023\/05\/Pflegefachkraft-768x768.webp 768w, https:\/\/seniorenzentrum-zell.winkelwaldgruppe.de\/wp-content\/uploads\/sites\/5\/2023\/05\/Pflegefachkraft-1536x1536.webp 1536w\" sizes=\"(max-width: 2048px) 100vw, 2048px\" \/>\t\t\t\t\t\t\t\t\t\t\t\t\t<\/div>\n\t\t\t\t<\/div>\n\t\t\t\t\t<\/div>\n\t\t<\/div>\n\t\t\t\t\t<\/div>\n\t\t<\/section>\n\t\t\t\t<\/div>\n\t\t","protected":false},"excerpt":{"rendered":"<p>Herzlich Willkommen &#8222;Seniorenzentrum am Untertor&#8220; Previous slide Next slide &#8222;Leistungen&#8220; Langzeitpflege, Kurzzeitpflege Hier Klicken &#8222;Karriere&#8220; Mit uns finden Sie den Weg\u00a0zum Erfolg Hier Klicken Willkommen im Seniorenzentrum am Untertor im Kinzigtal! Das Untertorareal in Zell im Kinzigtal \u2013 ein Ort, der Ihnen ein unvergleichliches Lebensgef\u00fchl bietet! Ein Ort der Zukunft. Wir verbinden die N\u00e4he zum [&hellip;]<\/p>\n","protected":false},"author":5,"featured_media":0,"parent":0,"menu_order":0,"comment_status":"closed","ping_status":"closed","template":"elementor_header_footer","meta":{"_acf_changed":false,"footnotes":""},"yoast_head":"<!-- This site is optimized with the Yoast SEO plugin v22.8 - https:\/\/yoast.com\/wordpress\/plugins\/seo\/ -->\n<title>Startseite - Seniorenzentrum Zell<\/title>\n<meta name=\"description\" content=\"Erleben Sie das Seniorenzentrum im Untertorareal Zell im Kinzigtal: Moderne Pflege- und betreute Seniorenwohnungen in zentraler Lage, umgeben von malerischer Natur.\" \/>\n<meta name=\"robots\" content=\"index, follow, max-snippet:-1, max-image-preview:large, max-video-preview:-1\" \/>\n<link rel=\"canonical\" href=\"https:\/\/seniorenzentrum-zell.winkelwaldgruppe.de\/\" \/>\n<meta property=\"og:locale\" content=\"de_DE\" \/>\n<meta property=\"og:type\" content=\"article\" \/>\n<meta property=\"og:title\" content=\"Startseite - Seniorenzentrum Zell\" \/>\n<meta property=\"og:description\" content=\"Erleben Sie das Seniorenzentrum im Untertorareal Zell im Kinzigtal: Moderne Pflege- und betreute Seniorenwohnungen in zentraler Lage, umgeben von malerischer Natur.\" \/>\n<meta property=\"og:url\" content=\"https:\/\/seniorenzentrum-zell.winkelwaldgruppe.de\/\" \/>\n<meta property=\"og:site_name\" content=\"Seniorenzentrum Zell\" \/>\n<meta property=\"article:modified_time\" content=\"2024-09-09T09:48:56+00:00\" \/>\n<meta property=\"og:image\" content=\"https:\/\/seniorenzentrum-zell.winkelwaldgruppe.de\/wp-content\/uploads\/sites\/5\/2023\/05\/Pflege_in_Zell_1-2048x934.webp\" \/>\n<meta name=\"twitter:card\" content=\"summary_large_image\" \/>\n<meta name=\"twitter:label1\" content=\"Gesch\u00e4tzte Lesezeit\" \/>\n\t<meta name=\"twitter:data1\" content=\"5\u00a0Minuten\" \/>\n<script type=\"application\/ld+json\" class=\"yoast-schema-graph\">{\"@context\":\"https:\/\/schema.org\",\"@graph\":[{\"@type\":\"WebPage\",\"@id\":\"https:\/\/seniorenzentrum-zell.winkelwaldgruppe.de\/\",\"url\":\"https:\/\/seniorenzentrum-zell.winkelwaldgruppe.de\/\",\"name\":\"Startseite - Seniorenzentrum Zell\",\"isPartOf\":{\"@id\":\"https:\/\/seniorenzentrum-zell.winkelwaldgruppe.de\/#website\"},\"primaryImageOfPage\":{\"@id\":\"https:\/\/seniorenzentrum-zell.winkelwaldgruppe.de\/#primaryimage\"},\"image\":{\"@id\":\"https:\/\/seniorenzentrum-zell.winkelwaldgruppe.de\/#primaryimage\"},\"thumbnailUrl\":\"https:\/\/seniorenzentrum-zell.winkelwaldgruppe.de\/wp-content\/uploads\/sites\/5\/2023\/05\/Pflege_in_Zell_1-2048x934.webp\",\"datePublished\":\"2023-03-30T13:09:01+00:00\",\"dateModified\":\"2024-09-09T09:48:56+00:00\",\"description\":\"Erleben Sie das Seniorenzentrum im Untertorareal Zell im Kinzigtal: Moderne Pflege- und betreute Seniorenwohnungen in zentraler Lage, umgeben von malerischer Natur.\",\"breadcrumb\":{\"@id\":\"https:\/\/seniorenzentrum-zell.winkelwaldgruppe.de\/#breadcrumb\"},\"inLanguage\":\"de\",\"potentialAction\":[{\"@type\":\"ReadAction\",\"target\":[\"https:\/\/seniorenzentrum-zell.winkelwaldgruppe.de\/\"]}]},{\"@type\":\"ImageObject\",\"inLanguage\":\"de\",\"@id\":\"https:\/\/seniorenzentrum-zell.winkelwaldgruppe.de\/#primaryimage\",\"url\":\"https:\/\/seniorenzentrum-zell.winkelwaldgruppe.de\/wp-content\/uploads\/sites\/5\/2023\/05\/Pflege_in_Zell_1-2048x934.webp\",\"contentUrl\":\"https:\/\/seniorenzentrum-zell.winkelwaldgruppe.de\/wp-content\/uploads\/sites\/5\/2023\/05\/Pflege_in_Zell_1-2048x934.webp\"},{\"@type\":\"BreadcrumbList\",\"@id\":\"https:\/\/seniorenzentrum-zell.winkelwaldgruppe.de\/#breadcrumb\",\"itemListElement\":[{\"@type\":\"ListItem\",\"position\":1,\"name\":\"Startseite\",\"item\":\"https:\/\/seniorenzentrum-zell.winkelwaldgruppe.de\/\"},{\"@type\":\"ListItem\",\"position\":2,\"name\":\"Startseite\"}]},{\"@type\":\"WebSite\",\"@id\":\"https:\/\/seniorenzentrum-zell.winkelwaldgruppe.de\/#website\",\"url\":\"https:\/\/seniorenzentrum-zell.winkelwaldgruppe.de\/\",\"name\":\"Seniorenzentrum Zell\",\"description\":\"\",\"publisher\":{\"@id\":\"https:\/\/seniorenzentrum-zell.winkelwaldgruppe.de\/#organization\"},\"potentialAction\":[{\"@type\":\"SearchAction\",\"target\":{\"@type\":\"EntryPoint\",\"urlTemplate\":\"https:\/\/seniorenzentrum-zell.winkelwaldgruppe.de\/?s={search_term_string}\"},\"query-input\":\"required name=search_term_string\"}],\"inLanguage\":\"de\"},{\"@type\":\"Organization\",\"@id\":\"https:\/\/seniorenzentrum-zell.winkelwaldgruppe.de\/#organization\",\"name\":\"Seniorenzentrum Zell\",\"url\":\"https:\/\/seniorenzentrum-zell.winkelwaldgruppe.de\/\",\"logo\":{\"@type\":\"ImageObject\",\"inLanguage\":\"de\",\"@id\":\"https:\/\/seniorenzentrum-zell.winkelwaldgruppe.de\/#\/schema\/logo\/image\/\",\"url\":\"https:\/\/seniorenzentrum-zell.winkelwaldgruppe.de\/wp-content\/uploads\/sites\/5\/2023\/03\/Seniorenzentrum-Untertor-Zell-am-Harmersbach-quer-1.svg\",\"contentUrl\":\"https:\/\/seniorenzentrum-zell.winkelwaldgruppe.de\/wp-content\/uploads\/sites\/5\/2023\/03\/Seniorenzentrum-Untertor-Zell-am-Harmersbach-quer-1.svg\",\"caption\":\"Seniorenzentrum Zell\"},\"image\":{\"@id\":\"https:\/\/seniorenzentrum-zell.winkelwaldgruppe.de\/#\/schema\/logo\/image\/\"}}]}<\/script>\n<!-- \/ Yoast SEO plugin. -->","yoast_head_json":{"title":"Startseite - Seniorenzentrum Zell","description":"Erleben Sie das Seniorenzentrum im Untertorareal Zell im Kinzigtal: Moderne Pflege- und betreute Seniorenwohnungen in zentraler Lage, umgeben von malerischer Natur.","robots":{"index":"index","follow":"follow","max-snippet":"max-snippet:-1","max-image-preview":"max-image-preview:large","max-video-preview":"max-video-preview:-1"},"canonical":"https:\/\/seniorenzentrum-zell.winkelwaldgruppe.de\/","og_locale":"de_DE","og_type":"article","og_title":"Startseite - Seniorenzentrum Zell","og_description":"Erleben Sie das Seniorenzentrum im Untertorareal Zell im Kinzigtal: Moderne Pflege- und betreute Seniorenwohnungen in zentraler Lage, umgeben von malerischer Natur.","og_url":"https:\/\/seniorenzentrum-zell.winkelwaldgruppe.de\/","og_site_name":"Seniorenzentrum Zell","article_modified_time":"2024-09-09T09:48:56+00:00","og_image":[{"url":"https:\/\/seniorenzentrum-zell.winkelwaldgruppe.de\/wp-content\/uploads\/sites\/5\/2023\/05\/Pflege_in_Zell_1-2048x934.webp"}],"twitter_card":"summary_large_image","twitter_misc":{"Gesch\u00e4tzte Lesezeit":"5\u00a0Minuten"},"schema":{"@context":"https:\/\/schema.org","@graph":[{"@type":"WebPage","@id":"https:\/\/seniorenzentrum-zell.winkelwaldgruppe.de\/","url":"https:\/\/seniorenzentrum-zell.winkelwaldgruppe.de\/","name":"Startseite - Seniorenzentrum Zell","isPartOf":{"@id":"https:\/\/seniorenzentrum-zell.winkelwaldgruppe.de\/#website"},"primaryImageOfPage":{"@id":"https:\/\/seniorenzentrum-zell.winkelwaldgruppe.de\/#primaryimage"},"image":{"@id":"https:\/\/seniorenzentrum-zell.winkelwaldgruppe.de\/#primaryimage"},"thumbnailUrl":"https:\/\/seniorenzentrum-zell.winkelwaldgruppe.de\/wp-content\/uploads\/sites\/5\/2023\/05\/Pflege_in_Zell_1-2048x934.webp","datePublished":"2023-03-30T13:09:01+00:00","dateModified":"2024-09-09T09:48:56+00:00","description":"Erleben Sie das Seniorenzentrum im Untertorareal Zell im Kinzigtal: Moderne Pflege- und betreute Seniorenwohnungen in zentraler Lage, umgeben von malerischer Natur.","breadcrumb":{"@id":"https:\/\/seniorenzentrum-zell.winkelwaldgruppe.de\/#breadcrumb"},"inLanguage":"de","potentialAction":[{"@type":"ReadAction","target":["https:\/\/seniorenzentrum-zell.winkelwaldgruppe.de\/"]}]},{"@type":"ImageObject","inLanguage":"de","@id":"https:\/\/seniorenzentrum-zell.winkelwaldgruppe.de\/#primaryimage","url":"https:\/\/seniorenzentrum-zell.winkelwaldgruppe.de\/wp-content\/uploads\/sites\/5\/2023\/05\/Pflege_in_Zell_1-2048x934.webp","contentUrl":"https:\/\/seniorenzentrum-zell.winkelwaldgruppe.de\/wp-content\/uploads\/sites\/5\/2023\/05\/Pflege_in_Zell_1-2048x934.webp"},{"@type":"BreadcrumbList","@id":"https:\/\/seniorenzentrum-zell.winkelwaldgruppe.de\/#breadcrumb","itemListElement":[{"@type":"ListItem","position":1,"name":"Startseite","item":"https:\/\/seniorenzentrum-zell.winkelwaldgruppe.de\/"},{"@type":"ListItem","position":2,"name":"Startseite"}]},{"@type":"WebSite","@id":"https:\/\/seniorenzentrum-zell.winkelwaldgruppe.de\/#website","url":"https:\/\/seniorenzentrum-zell.winkelwaldgruppe.de\/","name":"Seniorenzentrum Zell","description":"","publisher":{"@id":"https:\/\/seniorenzentrum-zell.winkelwaldgruppe.de\/#organization"},"potentialAction":[{"@type":"SearchAction","target":{"@type":"EntryPoint","urlTemplate":"https:\/\/seniorenzentrum-zell.winkelwaldgruppe.de\/?s={search_term_string}"},"query-input":"required name=search_term_string"}],"inLanguage":"de"},{"@type":"Organization","@id":"https:\/\/seniorenzentrum-zell.winkelwaldgruppe.de\/#organization","name":"Seniorenzentrum Zell","url":"https:\/\/seniorenzentrum-zell.winkelwaldgruppe.de\/","logo":{"@type":"ImageObject","inLanguage":"de","@id":"https:\/\/seniorenzentrum-zell.winkelwaldgruppe.de\/#\/schema\/logo\/image\/","url":"https:\/\/seniorenzentrum-zell.winkelwaldgruppe.de\/wp-content\/uploads\/sites\/5\/2023\/03\/Seniorenzentrum-Untertor-Zell-am-Harmersbach-quer-1.svg","contentUrl":"https:\/\/seniorenzentrum-zell.winkelwaldgruppe.de\/wp-content\/uploads\/sites\/5\/2023\/03\/Seniorenzentrum-Untertor-Zell-am-Harmersbach-quer-1.svg","caption":"Seniorenzentrum Zell"},"image":{"@id":"https:\/\/seniorenzentrum-zell.winkelwaldgruppe.de\/#\/schema\/logo\/image\/"}}]}},"acf":[],"_links":{"self":[{"href":"https:\/\/seniorenzentrum-zell.winkelwaldgruppe.de\/index.php?rest_route=\/wp\/v2\/pages\/18"}],"collection":[{"href":"https:\/\/seniorenzentrum-zell.winkelwaldgruppe.de\/index.php?rest_route=\/wp\/v2\/pages"}],"about":[{"href":"https:\/\/seniorenzentrum-zell.winkelwaldgruppe.de\/index.php?rest_route=\/wp\/v2\/types\/page"}],"author":[{"embeddable":true,"href":"https:\/\/seniorenzentrum-zell.winkelwaldgruppe.de\/index.php?rest_route=\/wp\/v2\/users\/5"}],"replies":[{"embeddable":true,"href":"https:\/\/seniorenzentrum-zell.winkelwaldgruppe.de\/index.php?rest_route=%2Fwp%2Fv2%2Fcomments&post=18"}],"version-history":[{"count":90,"href":"https:\/\/seniorenzentrum-zell.winkelwaldgruppe.de\/index.php?rest_route=\/wp\/v2\/pages\/18\/revisions"}],"predecessor-version":[{"id":199,"href":"https:\/\/seniorenzentrum-zell.winkelwaldgruppe.de\/index.php?rest_route=\/wp\/v2\/pages\/18\/revisions\/199"}],"wp:attachment":[{"href":"https:\/\/seniorenzentrum-zell.winkelwaldgruppe.de\/index.php?rest_route=%2Fwp%2Fv2%2Fmedia&parent=18"}],"curies":[{"name":"wp","href":"https:\/\/api.w.org\/{rel}","templated":true}]}}